{"id":1531,"date":"2021-10-06T21:21:04","date_gmt":"2021-10-06T19:21:04","guid":{"rendered":"https:\/\/www.bahiametisse.com\/tours-e-servizi\/guide-francophone-chapada-diamantina\/"},"modified":"2022-03-14T10:16:48","modified_gmt":"2022-03-14T09:16:48","slug":"parco-nazionale-della-chapada-diamantina","status":"publish","type":"page","link":"https:\/\/www.bahiametisse.com\/it\/tours-e-servizi\/parco-nazionale-della-chapada-diamantina\/","title":{"rendered":"Parco Nazionale della Chapada Diamantina"},"content":{"rendered":"<div id='full_slider_1'  class='avia-fullwidth-slider main_color avia-shadow   avia-builder-el-0  el_before_av_one_full  avia-builder-el-first   container_wrap fullsize'  ><div  class='avia-slideshow av-kuy62dzl-574c9b21edea0481ac5535a4415a4372 avia-slideshow-featured av_slideshow_full avia-slide-slider av-slideshow-ui av-control-default av-slideshow-manual av-loop-once av-loop-manual-endless av-default-height-applied   avia-slideshow-1' data-slideshow-options=\"{&quot;animation&quot;:&quot;slide&quot;,&quot;autoplay&quot;:false,&quot;loop_autoplay&quot;:&quot;once&quot;,&quot;interval&quot;:5,&quot;loop_manual&quot;:&quot;manual-endless&quot;,&quot;autoplay_stopper&quot;:false,&quot;noNavigation&quot;:false,&quot;bg_slider&quot;:false,&quot;keep_padding&quot;:false,&quot;hoverpause&quot;:false,&quot;show_slide_delay&quot;:0}\"  itemprop=\"image\" itemscope=\"itemscope\" itemtype=\"https:\/\/schema.org\/ImageObject\" ><ul class='avia-slideshow-inner ' style='padding-bottom: 34.677419354839%;'><li  class='avia-slideshow-slide av-kuy62dzl-574c9b21edea0481ac5535a4415a4372__0  av-single-slide slide-1 slide-odd'><div data-rel='slideshow-1' class='avia-slide-wrap '   ><img decoding=\"async\" fetchpriority=\"high\" class=\"wp-image-249 avia-img-lazy-loading-not-249\"  src=\"https:\/\/www.bahiametisse.com\/wp-content\/uploads\/2021\/10\/Chapada-diamantina-tourisme-responsable-1240x430.jpg\" width=\"1240\" height=\"430\" title='Chapada-diamantina-tourisme-responsable' alt='Chapada diamantina tourisme responsable'  itemprop=\"thumbnailUrl\"   \/><\/div><\/li><\/ul><\/div><\/div><div id='after_full_slider_1'  class='main_color av_default_container_wrap container_wrap fullsize'  ><div class='container av-section-cont-open' ><div class='template-page content  av-content-full alpha units'><div class='post-entry post-entry-type-page post-entry-1531'><div class='entry-content-wrapper clearfix'>\n<div  class='flex_column av-3ecte-8894b4b50750f2113d962a3f1e224d90 av_one_full  avia-builder-el-1  el_after_av_slideshow_full  el_before_av_three_fourth  avia-builder-el-first  first flex_column_div  '     ><p>\n<style type=\"text\/css\" data-created_by=\"avia_inline_auto\" id=\"style-css-av-kuy62ukg-01506e88993c3830baa012b7fef58cca\">\n#top .av-special-heading.av-kuy62ukg-01506e88993c3830baa012b7fef58cca{\npadding-bottom:10px;\n}\nbody .av-special-heading.av-kuy62ukg-01506e88993c3830baa012b7fef58cca .av-special-heading-tag .heading-char{\nfont-size:25px;\n}\n.av-special-heading.av-kuy62ukg-01506e88993c3830baa012b7fef58cca .av-subheading{\nfont-size:15px;\n}\n<\/style>\n<div  class='av-special-heading av-kuy62ukg-01506e88993c3830baa012b7fef58cca av-special-heading-h1 blockquote modern-quote modern-centered  avia-builder-el-2  el_before_av_textblock  avia-builder-el-first '><div class='av-subheading av-subheading_above'><p>Parco Nazionale della<\/p>\n<\/div><h1 class='av-special-heading-tag'  itemprop=\"headline\"  >Chapada Diamantina<\/h1><div class=\"special-heading-border\"><div class=\"special-heading-inner-border\"><\/div><\/div><\/div><br \/>\n<section  class='av_textblock_section av-kuy60mzc-953e8127378c0efc3ec33535493d6ca1 '   itemscope=\"itemscope\" itemtype=\"https:\/\/schema.org\/CreativeWork\" ><div class='avia_textblock'  itemprop=\"text\" ><p>Fondata nel 1985, la notoriet\u00e0 del Parco Nazionale della Chapada Diamantina \u00e8 consolidata. \u00c8 il paradiso del trekking e delle escursioni in Brasile. Cascate, riviere, grotte, fiumi, foresta primaria Mata Atlantica, incantevoli villaggi coloniali fondati nel periodo della corsa ai diamanti \u2026<\/p>\n<p>Escursioni in giornata o trekking in pi\u00f9 giorni col pernottamento in rifugio di famiglia, VTT, scalata, rappel, visita del Pantanal-Marimbus vasta distesa alluvionale\u2026 ce n\u2019\u00e8 per ogni gusto!<\/p>\n<p>Trasferimento fin da Salvador in autobus confortevole o in auto privata.<\/p>\n<\/div><\/section><\/p><\/div><div  class='flex_column av-2tpga-17f197f6a16aeef8cee7bacdafa2be1d av_three_fourth  avia-builder-el-4  el_after_av_one_full  el_before_av_one_fourth  first flex_column_div  column-top-margin'     ><section  class='av_textblock_section av-kuy64t3o-b89cb76975c76917394d4e028f28f30e '   itemscope=\"itemscope\" itemtype=\"https:\/\/schema.org\/CreativeWork\" ><div class='avia_textblock'  itemprop=\"text\" ><div><b>Percorso di 4 giorni \/ 3 notti<\/b><\/div>\n<div><strong>Programma :<\/strong><\/p>\n<ul>\n<li>Giorno 1 : Trasferimento privato fino alla stazione del bus di Salvador e autobus confortevole fino alla citt\u00e0 di Len\u00e7ois. Fine giornata libera per scoprire la suggestiva citt\u00e0 di Len\u00e7ois.<\/li>\n<li>Giorno 2 : Escursione alla Cascata della Fuma\u00e7a (Cascata del Fumo), la pi\u00f9 alta caduta d\u2019acqua del Brasile e la Cascata del Riachinho. Bagno in riviera.<\/li>\n<li>Giorno 3 : Escursione alla Cascata del Sossego e del Ribeirao di Cima. Bagno in riviera.<\/li>\n<li>Giorno 4 : Trasferimento in autobus a Salvador.<\/li>\n<\/ul>\n<\/div>\n<p><strong>Incluso<\/strong> : I trasferimenti privati fino alla stazione dell\u2019autobus, i biglietti dell\u2019autobus (andata e ritorno) da Salvador a Len\u00e7ois e le tasse di imbarco. L\u2019alloggio in una pousada vicino al centro simile a 3 stelle con la colazione compresa, la ricezione alla stazione di Len\u00e7ois (giorno 1), una guida in lingua italiana o in lingua inglese nei giorni 2 e 3, tutti i trasferimenti necessari per le escursioni, i biglietti di ingresso ai siti ed il pranzo a sacco per i giorni 2 e 3.<\/p>\n<p><strong>Non incluso<\/strong> : Le cene, la colazione dei giorni 1 e 4, le bevande.<\/p>\n<p>*Queste tariffe sono per ogni persona su una base di 2 persone ed in base alla stagione.<\/p>\n<\/div><\/section><\/div><\/p>\n<div  class='flex_column av-293ee-11d262c5ae834f26c75990647d1f0781 av_one_fourth  avia-builder-el-6  el_after_av_three_fourth  el_before_av_masonry_gallery  avia-builder-el-last  flex_column_div  column-top-margin'     ><div  class='avia-button-wrap av-rnbq-caef6dbe287a27b12e3793785f0df9bc-wrap avia-button-center  avia-builder-el-7  avia-builder-el-no-sibling '><a href='https:\/\/www.bahiametisse.com\/it\/tours-e-servizi\/cerimonia-di-candomble\/'  class='avia-button av-rnbq-caef6dbe287a27b12e3793785f0df9bc avia-icon_select-yes-left-icon avia-size-large avia-position-center avia-color-theme-color'  ><span class='avia_button_icon avia_button_icon_left' aria-hidden='true' data-av_icon='\ue836' data-av_iconfont='entypo-fontello'><\/span><span class='avia_iconbox_title' >CONTATTACI<\/span><\/a><\/div><\/div>\n<div id='av-masonry-1' class='av-masonry av-kuy663gc-15b2b760a149b82c7843fa2d0fa018f0 noHover av-flex-size av-1px-gap av-hover-overlay-active av-masonry-animation-active av-masonry-col-3 av-caption-always av-caption-style- av-masonry-gallery ' data-post_id=\"1531\"><div class=\"av-masonry-container isotope av-js-disabled\"><div class='av-masonry-entry isotope-item av-masonry-item-no-image '><\/div><a href=\"https:\/\/www.bahiametisse.com\/wp-content\/uploads\/2021\/10\/Chapada-Diamantina-tourisme-responsable-1-1030x580.jpg\" data-srcset=\"https:\/\/www.bahiametisse.com\/wp-content\/uploads\/2021\/10\/Chapada-Diamantina-tourisme-responsable-1-1030x580.jpg 1030w, https:\/\/www.bahiametisse.com\/wp-content\/uploads\/2021\/10\/Chapada-Diamantina-tourisme-responsable-1-300x169.jpg 300w, https:\/\/www.bahiametisse.com\/wp-content\/uploads\/2021\/10\/Chapada-Diamantina-tourisme-responsable-1-768x432.jpg 768w, https:\/\/www.bahiametisse.com\/wp-content\/uploads\/2021\/10\/Chapada-Diamantina-tourisme-responsable-1-705x397.jpg 705w, https:\/\/www.bahiametisse.com\/wp-content\/uploads\/2021\/10\/Chapada-Diamantina-tourisme-responsable-1.jpg 1240w\" data-sizes=\"(max-width: 1030px) 100vw, 1030px\"  aria-label=\"immagine Chapada-Diamantina-tourisme-responsable-1\"  id='av-masonry-1-item-527' data-av-masonry-item='527' class='av-masonry-entry isotope-item post-527 attachment type-attachment status-inherit hentry  av-masonry-item-with-image' title=\"Chapada-Diamantina-tourisme-responsable-1\" alt=\"\"    itemprop=\"thumbnailUrl\" ><div class='av-inner-masonry-sizer'><\/div><figure class='av-inner-masonry main_color'><div class=\"av-masonry-outerimage-container\"><div class='av-masonry-image-container'   ><img decoding=\"async\" width=\"1240\" height=\"698\" fetchpriority=\"high\" class=\"wp-image-527 avia-img-lazy-loading-not-527\"  src=\"https:\/\/www.bahiametisse.com\/wp-content\/uploads\/2021\/10\/Chapada-Diamantina-tourisme-responsable-1.jpg\" title=\"Chapada-Diamantina-tourisme-responsable-1\" alt=\"\" srcset=\"https:\/\/www.bahiametisse.com\/wp-content\/uploads\/2021\/10\/Chapada-Diamantina-tourisme-responsable-1.jpg 1240w, https:\/\/www.bahiametisse.com\/wp-content\/uploads\/2021\/10\/Chapada-Diamantina-tourisme-responsable-1-300x169.jpg 300w, https:\/\/www.bahiametisse.com\/wp-content\/uploads\/2021\/10\/Chapada-Diamantina-tourisme-responsable-1-1030x580.jpg 1030w, https:\/\/www.bahiametisse.com\/wp-content\/uploads\/2021\/10\/Chapada-Diamantina-tourisme-responsable-1-768x432.jpg 768w, https:\/\/www.bahiametisse.com\/wp-content\/uploads\/2021\/10\/Chapada-Diamantina-tourisme-responsable-1-705x397.jpg 705w\" sizes=\"(max-width: 1240px) 100vw, 1240px\" \/><\/div><\/div><\/figure><\/a><!--end av-masonry entry--><a href=\"https:\/\/www.bahiametisse.com\/wp-content\/uploads\/2021\/10\/Chapada-Diamantina-tourisme-responsable-2-1030x687.jpg\" data-srcset=\"https:\/\/www.bahiametisse.com\/wp-content\/uploads\/2021\/10\/Chapada-Diamantina-tourisme-responsable-2-1030x687.jpg 1030w, https:\/\/www.bahiametisse.com\/wp-content\/uploads\/2021\/10\/Chapada-Diamantina-tourisme-responsable-2-300x200.jpg 300w, https:\/\/www.bahiametisse.com\/wp-content\/uploads\/2021\/10\/Chapada-Diamantina-tourisme-responsable-2-768x512.jpg 768w, https:\/\/www.bahiametisse.com\/wp-content\/uploads\/2021\/10\/Chapada-Diamantina-tourisme-responsable-2-705x470.jpg 705w, https:\/\/www.bahiametisse.com\/wp-content\/uploads\/2021\/10\/Chapada-Diamantina-tourisme-responsable-2.jpg 1248w\" data-sizes=\"(max-width: 1030px) 100vw, 1030px\"  aria-label=\"immagine Chapada-Diamantina-tourisme-responsable-2\"  id='av-masonry-1-item-531' data-av-masonry-item='531' class='av-masonry-entry isotope-item post-531 attachment type-attachment status-inherit hentry  av-masonry-item-with-image' title=\"Chapada-Diamantina-tourisme-responsable-2\" alt=\"\"    itemprop=\"thumbnailUrl\" ><div class='av-inner-masonry-sizer'><\/div><figure class='av-inner-masonry main_color'><div class=\"av-masonry-outerimage-container\"><div class='av-masonry-image-container'   ><img decoding=\"async\" width=\"1248\" height=\"832\" fetchpriority=\"high\" class=\"wp-image-531 avia-img-lazy-loading-not-531\"  src=\"https:\/\/www.bahiametisse.com\/wp-content\/uploads\/2021\/10\/Chapada-Diamantina-tourisme-responsable-2.jpg\" title=\"Chapada-Diamantina-tourisme-responsable-2\" alt=\"\" srcset=\"https:\/\/www.bahiametisse.com\/wp-content\/uploads\/2021\/10\/Chapada-Diamantina-tourisme-responsable-2.jpg 1248w, https:\/\/www.bahiametisse.com\/wp-content\/uploads\/2021\/10\/Chapada-Diamantina-tourisme-responsable-2-300x200.jpg 300w, https:\/\/www.bahiametisse.com\/wp-content\/uploads\/2021\/10\/Chapada-Diamantina-tourisme-responsable-2-1030x687.jpg 1030w, https:\/\/www.bahiametisse.com\/wp-content\/uploads\/2021\/10\/Chapada-Diamantina-tourisme-responsable-2-768x512.jpg 768w, https:\/\/www.bahiametisse.com\/wp-content\/uploads\/2021\/10\/Chapada-Diamantina-tourisme-responsable-2-705x470.jpg 705w\" sizes=\"(max-width: 1248px) 100vw, 1248px\" \/><\/div><\/div><\/figure><\/a><!--end av-masonry entry--><a href=\"https:\/\/www.bahiametisse.com\/wp-content\/uploads\/2021\/10\/Chapada-diamantina-tourisme-responsable-1030x686.jpg\" data-srcset=\"https:\/\/www.bahiametisse.com\/wp-content\/uploads\/2021\/10\/Chapada-diamantina-tourisme-responsable-1030x686.jpg 1030w, https:\/\/www.bahiametisse.com\/wp-content\/uploads\/2021\/10\/Chapada-diamantina-tourisme-responsable-300x200.jpg 300w, https:\/\/www.bahiametisse.com\/wp-content\/uploads\/2021\/10\/Chapada-diamantina-tourisme-responsable-768x512.jpg 768w, https:\/\/www.bahiametisse.com\/wp-content\/uploads\/2021\/10\/Chapada-diamantina-tourisme-responsable-705x470.jpg 705w, https:\/\/www.bahiametisse.com\/wp-content\/uploads\/2021\/10\/Chapada-diamantina-tourisme-responsable.jpg 1240w\" data-sizes=\"(max-width: 1030px) 100vw, 1030px\"  aria-label=\"immagine Chapada-diamantina-tourisme-responsable\"  id='av-masonry-1-item-249' data-av-masonry-item='249' class='av-masonry-entry isotope-item post-249 attachment type-attachment status-inherit hentry  av-masonry-item-with-image' title=\"Chapada-diamantina-tourisme-responsable\" alt=\"Chapada diamantina tourisme responsable\"    itemprop=\"thumbnailUrl\" ><div class='av-inner-masonry-sizer'><\/div><figure class='av-inner-masonry main_color'><div class=\"av-masonry-outerimage-container\"><div class='av-masonry-image-container'   ><img decoding=\"async\" width=\"1240\" height=\"826\" fetchpriority=\"high\" class=\"wp-image-249 avia-img-lazy-loading-not-249\"  src=\"https:\/\/www.bahiametisse.com\/wp-content\/uploads\/2021\/10\/Chapada-diamantina-tourisme-responsable.jpg\" title=\"Chapada-diamantina-tourisme-responsable\" alt=\"Chapada diamantina tourisme responsable\" srcset=\"https:\/\/www.bahiametisse.com\/wp-content\/uploads\/2021\/10\/Chapada-diamantina-tourisme-responsable.jpg 1240w, https:\/\/www.bahiametisse.com\/wp-content\/uploads\/2021\/10\/Chapada-diamantina-tourisme-responsable-300x200.jpg 300w, https:\/\/www.bahiametisse.com\/wp-content\/uploads\/2021\/10\/Chapada-diamantina-tourisme-responsable-1030x686.jpg 1030w, https:\/\/www.bahiametisse.com\/wp-content\/uploads\/2021\/10\/Chapada-diamantina-tourisme-responsable-768x512.jpg 768w, https:\/\/www.bahiametisse.com\/wp-content\/uploads\/2021\/10\/Chapada-diamantina-tourisme-responsable-705x470.jpg 705w\" sizes=\"(max-width: 1240px) 100vw, 1240px\" \/><\/div><\/div><\/figure><\/a><!--end av-masonry entry--><a href=\"https:\/\/www.bahiametisse.com\/wp-content\/uploads\/2021\/10\/Chapada-Diamantina-tourisme-responsable-4-1030x686.jpg\" data-srcset=\"https:\/\/www.bahiametisse.com\/wp-content\/uploads\/2021\/10\/Chapada-Diamantina-tourisme-responsable-4-1030x686.jpg 1030w, https:\/\/www.bahiametisse.com\/wp-content\/uploads\/2021\/10\/Chapada-Diamantina-tourisme-responsable-4-300x200.jpg 300w, https:\/\/www.bahiametisse.com\/wp-content\/uploads\/2021\/10\/Chapada-Diamantina-tourisme-responsable-4-768x512.jpg 768w, https:\/\/www.bahiametisse.com\/wp-content\/uploads\/2021\/10\/Chapada-Diamantina-tourisme-responsable-4-705x470.jpg 705w, https:\/\/www.bahiametisse.com\/wp-content\/uploads\/2021\/10\/Chapada-Diamantina-tourisme-responsable-4.jpg 1240w\" data-sizes=\"(max-width: 1030px) 100vw, 1030px\"  aria-label=\"immagine Chapada-Diamantina-tourisme-responsable-4\"  id='av-masonry-1-item-539' data-av-masonry-item='539' class='av-masonry-entry isotope-item post-539 attachment type-attachment status-inherit hentry  av-masonry-item-with-image' title=\"Chapada-Diamantina-tourisme-responsable-4\" alt=\"\"    itemprop=\"thumbnailUrl\" ><div class='av-inner-masonry-sizer'><\/div><figure class='av-inner-masonry main_color'><div class=\"av-masonry-outerimage-container\"><div class='av-masonry-image-container'   ><img decoding=\"async\" width=\"1240\" height=\"826\" fetchpriority=\"high\" class=\"wp-image-539 avia-img-lazy-loading-not-539\"  src=\"https:\/\/www.bahiametisse.com\/wp-content\/uploads\/2021\/10\/Chapada-Diamantina-tourisme-responsable-4.jpg\" title=\"Chapada-Diamantina-tourisme-responsable-4\" alt=\"\" srcset=\"https:\/\/www.bahiametisse.com\/wp-content\/uploads\/2021\/10\/Chapada-Diamantina-tourisme-responsable-4.jpg 1240w, https:\/\/www.bahiametisse.com\/wp-content\/uploads\/2021\/10\/Chapada-Diamantina-tourisme-responsable-4-300x200.jpg 300w, https:\/\/www.bahiametisse.com\/wp-content\/uploads\/2021\/10\/Chapada-Diamantina-tourisme-responsable-4-1030x686.jpg 1030w, https:\/\/www.bahiametisse.com\/wp-content\/uploads\/2021\/10\/Chapada-Diamantina-tourisme-responsable-4-768x512.jpg 768w, https:\/\/www.bahiametisse.com\/wp-content\/uploads\/2021\/10\/Chapada-Diamantina-tourisme-responsable-4-705x470.jpg 705w\" sizes=\"(max-width: 1240px) 100vw, 1240px\" \/><\/div><\/div><\/figure><\/a><!--end av-masonry entry--><a href=\"https:\/\/www.bahiametisse.com\/wp-content\/uploads\/2021\/10\/Chapada-Diamantina-tourisme-responsable-5-1030x687.jpg\" data-srcset=\"https:\/\/www.bahiametisse.com\/wp-content\/uploads\/2021\/10\/Chapada-Diamantina-tourisme-responsable-5-1030x687.jpg 1030w, https:\/\/www.bahiametisse.com\/wp-content\/uploads\/2021\/10\/Chapada-Diamantina-tourisme-responsable-5-300x200.jpg 300w, https:\/\/www.bahiametisse.com\/wp-content\/uploads\/2021\/10\/Chapada-Diamantina-tourisme-responsable-5-768x512.jpg 768w, https:\/\/www.bahiametisse.com\/wp-content\/uploads\/2021\/10\/Chapada-Diamantina-tourisme-responsable-5-705x470.jpg 705w, https:\/\/www.bahiametisse.com\/wp-content\/uploads\/2021\/10\/Chapada-Diamantina-tourisme-responsable-5.jpg 1240w\" data-sizes=\"(max-width: 1030px) 100vw, 1030px\"  aria-label=\"immagine Chapada-Diamantina-tourisme-responsable-5\"  id='av-masonry-1-item-543' data-av-masonry-item='543' class='av-masonry-entry isotope-item post-543 attachment type-attachment status-inherit hentry  av-masonry-item-with-image' title=\"Chapada-Diamantina-tourisme-responsable-5\" alt=\"\"    itemprop=\"thumbnailUrl\" ><div class='av-inner-masonry-sizer'><\/div><figure class='av-inner-masonry main_color'><div class=\"av-masonry-outerimage-container\"><div class='av-masonry-image-container'   ><img decoding=\"async\" width=\"1240\" height=\"827\" fetchpriority=\"high\" class=\"wp-image-543 avia-img-lazy-loading-not-543\"  src=\"https:\/\/www.bahiametisse.com\/wp-content\/uploads\/2021\/10\/Chapada-Diamantina-tourisme-responsable-5.jpg\" title=\"Chapada-Diamantina-tourisme-responsable-5\" alt=\"\" srcset=\"https:\/\/www.bahiametisse.com\/wp-content\/uploads\/2021\/10\/Chapada-Diamantina-tourisme-responsable-5.jpg 1240w, https:\/\/www.bahiametisse.com\/wp-content\/uploads\/2021\/10\/Chapada-Diamantina-tourisme-responsable-5-300x200.jpg 300w, https:\/\/www.bahiametisse.com\/wp-content\/uploads\/2021\/10\/Chapada-Diamantina-tourisme-responsable-5-1030x687.jpg 1030w, https:\/\/www.bahiametisse.com\/wp-content\/uploads\/2021\/10\/Chapada-Diamantina-tourisme-responsable-5-768x512.jpg 768w, https:\/\/www.bahiametisse.com\/wp-content\/uploads\/2021\/10\/Chapada-Diamantina-tourisme-responsable-5-705x470.jpg 705w\" sizes=\"(max-width: 1240px) 100vw, 1240px\" \/><\/div><\/div><\/figure><\/a><!--end av-masonry entry--><a href=\"https:\/\/www.bahiametisse.com\/wp-content\/uploads\/2021\/10\/Chapada-Diamantina-tourisme-responsable-6-1030x685.jpg\" data-srcset=\"https:\/\/www.bahiametisse.com\/wp-content\/uploads\/2021\/10\/Chapada-Diamantina-tourisme-responsable-6-1030x685.jpg 1030w, https:\/\/www.bahiametisse.com\/wp-content\/uploads\/2021\/10\/Chapada-Diamantina-tourisme-responsable-6-300x200.jpg 300w, https:\/\/www.bahiametisse.com\/wp-content\/uploads\/2021\/10\/Chapada-Diamantina-tourisme-responsable-6-768x511.jpg 768w, https:\/\/www.bahiametisse.com\/wp-content\/uploads\/2021\/10\/Chapada-Diamantina-tourisme-responsable-6-705x469.jpg 705w, https:\/\/www.bahiametisse.com\/wp-content\/uploads\/2021\/10\/Chapada-Diamantina-tourisme-responsable-6.jpg 1240w\" data-sizes=\"(max-width: 1030px) 100vw, 1030px\"  aria-label=\"immagine Chapada-Diamantina-tourisme-responsable-6\"  id='av-masonry-1-item-547' data-av-masonry-item='547' class='av-masonry-entry isotope-item post-547 attachment type-attachment status-inherit hentry  av-masonry-item-with-image' title=\"Chapada-Diamantina-tourisme-responsable-6\" alt=\"\"    itemprop=\"thumbnailUrl\" ><div class='av-inner-masonry-sizer'><\/div><figure class='av-inner-masonry main_color'><div class=\"av-masonry-outerimage-container\"><div class='av-masonry-image-container'   ><img decoding=\"async\" width=\"1240\" height=\"825\" fetchpriority=\"high\" class=\"wp-image-547 avia-img-lazy-loading-not-547\"  src=\"https:\/\/www.bahiametisse.com\/wp-content\/uploads\/2021\/10\/Chapada-Diamantina-tourisme-responsable-6.jpg\" title=\"Chapada-Diamantina-tourisme-responsable-6\" alt=\"\" srcset=\"https:\/\/www.bahiametisse.com\/wp-content\/uploads\/2021\/10\/Chapada-Diamantina-tourisme-responsable-6.jpg 1240w, https:\/\/www.bahiametisse.com\/wp-content\/uploads\/2021\/10\/Chapada-Diamantina-tourisme-responsable-6-300x200.jpg 300w, https:\/\/www.bahiametisse.com\/wp-content\/uploads\/2021\/10\/Chapada-Diamantina-tourisme-responsable-6-1030x685.jpg 1030w, https:\/\/www.bahiametisse.com\/wp-content\/uploads\/2021\/10\/Chapada-Diamantina-tourisme-responsable-6-768x511.jpg 768w, https:\/\/www.bahiametisse.com\/wp-content\/uploads\/2021\/10\/Chapada-Diamantina-tourisme-responsable-6-705x469.jpg 705w\" sizes=\"(max-width: 1240px) 100vw, 1240px\" \/><\/div><\/div><\/figure><\/a><!--end av-masonry entry--><\/div><\/div>\n","protected":false},"excerpt":{"rendered":"","protected":false},"author":1,"featured_media":249,"parent":1395,"menu_order":20,"comment_status":"closed","ping_status":"closed","template":"","meta":{"footnotes":""},"class_list":["post-1531","page","type-page","status-publish","has-post-thumbnail","hentry"],"yoast_head":"<!-- This site is optimized with the Yoast SEO plugin v27.5 - https:\/\/yoast.com\/product\/yoast-seo-wordpress\/ -->\n<title>Parco Nazionale della Chapada Diamantina - Bahia M\u00e9tisse<\/title>\n<meta name=\"description\" content=\"Guide francophone Chapada Diamantina, randonn\u00e9e francophone chapada diamantina, trek chapada diamantina agence francophone chapada diamantina\" \/>\n<meta name=\"robots\" content=\"index, follow, max-snippet:-1, max-image-preview:large, max-video-preview:-1\" \/>\n<link rel=\"canonical\" href=\"https:\/\/www.bahiametisse.com\/it\/tours-e-servizi\/parco-nazionale-della-chapada-diamantina\/\" \/>\n<meta property=\"og:locale\" content=\"it_IT\" \/>\n<meta property=\"og:type\" content=\"article\" \/>\n<meta property=\"og:title\" content=\"Parco Nazionale della Chapada Diamantina - Bahia M\u00e9tisse\" \/>\n<meta property=\"og:description\" content=\"Guide francophone Chapada Diamantina, randonn\u00e9e francophone chapada diamantina, trek chapada diamantina agence francophone chapada diamantina\" \/>\n<meta property=\"og:url\" content=\"https:\/\/www.bahiametisse.com\/it\/tours-e-servizi\/parco-nazionale-della-chapada-diamantina\/\" \/>\n<meta property=\"og:site_name\" content=\"Bahia M\u00e9tisse\" \/>\n<meta property=\"article:modified_time\" content=\"2022-03-14T09:16:48+00:00\" \/>\n<meta property=\"og:image\" content=\"https:\/\/www.bahiametisse.com\/wp-content\/uploads\/2021\/10\/Chapada-diamantina-tourisme-responsable.jpg\" \/>\n\t<meta property=\"og:image:width\" content=\"1240\" \/>\n\t<meta property=\"og:image:height\" content=\"826\" \/>\n\t<meta property=\"og:image:type\" content=\"image\/jpeg\" \/>\n<meta name=\"twitter:card\" content=\"summary_large_image\" \/>\n<meta name=\"twitter:label1\" content=\"Tempo di lettura stimato\" \/>\n\t<meta name=\"twitter:data1\" content=\"4 minuti\" \/>\n<script type=\"application\/ld+json\" class=\"yoast-schema-graph\">{\"@context\":\"https:\\\/\\\/schema.org\",\"@graph\":[{\"@type\":\"WebPage\",\"@id\":\"https:\\\/\\\/www.bahiametisse.com\\\/it\\\/tours-e-servizi\\\/parco-nazionale-della-chapada-diamantina\\\/\",\"url\":\"https:\\\/\\\/www.bahiametisse.com\\\/it\\\/tours-e-servizi\\\/parco-nazionale-della-chapada-diamantina\\\/\",\"name\":\"Parco Nazionale della Chapada Diamantina - Bahia M\u00e9tisse\",\"isPartOf\":{\"@id\":\"https:\\\/\\\/www.bahiametisse.com\\\/it\\\/#website\"},\"primaryImageOfPage\":{\"@id\":\"https:\\\/\\\/www.bahiametisse.com\\\/it\\\/tours-e-servizi\\\/parco-nazionale-della-chapada-diamantina\\\/#primaryimage\"},\"image\":{\"@id\":\"https:\\\/\\\/www.bahiametisse.com\\\/it\\\/tours-e-servizi\\\/parco-nazionale-della-chapada-diamantina\\\/#primaryimage\"},\"thumbnailUrl\":\"https:\\\/\\\/www.bahiametisse.com\\\/wp-content\\\/uploads\\\/2021\\\/10\\\/Chapada-diamantina-tourisme-responsable.jpg\",\"datePublished\":\"2021-10-06T19:21:04+00:00\",\"dateModified\":\"2022-03-14T09:16:48+00:00\",\"description\":\"Guide francophone Chapada Diamantina, randonn\u00e9e francophone chapada diamantina, trek chapada diamantina agence francophone chapada diamantina\",\"breadcrumb\":{\"@id\":\"https:\\\/\\\/www.bahiametisse.com\\\/it\\\/tours-e-servizi\\\/parco-nazionale-della-chapada-diamantina\\\/#breadcrumb\"},\"inLanguage\":\"it-IT\",\"potentialAction\":[{\"@type\":\"ReadAction\",\"target\":[\"https:\\\/\\\/www.bahiametisse.com\\\/it\\\/tours-e-servizi\\\/parco-nazionale-della-chapada-diamantina\\\/\"]}]},{\"@type\":\"ImageObject\",\"inLanguage\":\"it-IT\",\"@id\":\"https:\\\/\\\/www.bahiametisse.com\\\/it\\\/tours-e-servizi\\\/parco-nazionale-della-chapada-diamantina\\\/#primaryimage\",\"url\":\"https:\\\/\\\/www.bahiametisse.com\\\/wp-content\\\/uploads\\\/2021\\\/10\\\/Chapada-diamantina-tourisme-responsable.jpg\",\"contentUrl\":\"https:\\\/\\\/www.bahiametisse.com\\\/wp-content\\\/uploads\\\/2021\\\/10\\\/Chapada-diamantina-tourisme-responsable.jpg\",\"width\":1240,\"height\":826,\"caption\":\"Chapada diamantina tourisme responsable\"},{\"@type\":\"BreadcrumbList\",\"@id\":\"https:\\\/\\\/www.bahiametisse.com\\\/it\\\/tours-e-servizi\\\/parco-nazionale-della-chapada-diamantina\\\/#breadcrumb\",\"itemListElement\":[{\"@type\":\"ListItem\",\"position\":1,\"name\":\"Accueil\",\"item\":\"https:\\\/\\\/www.bahiametisse.com\\\/it\\\/\"},{\"@type\":\"ListItem\",\"position\":2,\"name\":\"Tours e Servizi\",\"item\":\"https:\\\/\\\/www.bahiametisse.com\\\/it\\\/tours-e-servizi\\\/\"},{\"@type\":\"ListItem\",\"position\":3,\"name\":\"Parco Nazionale della Chapada Diamantina\"}]},{\"@type\":\"WebSite\",\"@id\":\"https:\\\/\\\/www.bahiametisse.com\\\/it\\\/#website\",\"url\":\"https:\\\/\\\/www.bahiametisse.com\\\/it\\\/\",\"name\":\"Bahia M\u00e9tisse\",\"description\":\"Agence \u00e9cotourisme\",\"potentialAction\":[{\"@type\":\"SearchAction\",\"target\":{\"@type\":\"EntryPoint\",\"urlTemplate\":\"https:\\\/\\\/www.bahiametisse.com\\\/it\\\/?s={search_term_string}\"},\"query-input\":{\"@type\":\"PropertyValueSpecification\",\"valueRequired\":true,\"valueName\":\"search_term_string\"}}],\"inLanguage\":\"it-IT\"}]}<\/script>\n<!-- \/ Yoast SEO plugin. -->","yoast_head_json":{"title":"Parco Nazionale della Chapada Diamantina - Bahia M\u00e9tisse","description":"Guide francophone Chapada Diamantina, randonn\u00e9e francophone chapada diamantina, trek chapada diamantina agence francophone chapada diamantina","robots":{"index":"index","follow":"follow","max-snippet":"max-snippet:-1","max-image-preview":"max-image-preview:large","max-video-preview":"max-video-preview:-1"},"canonical":"https:\/\/www.bahiametisse.com\/it\/tours-e-servizi\/parco-nazionale-della-chapada-diamantina\/","og_locale":"it_IT","og_type":"article","og_title":"Parco Nazionale della Chapada Diamantina - Bahia M\u00e9tisse","og_description":"Guide francophone Chapada Diamantina, randonn\u00e9e francophone chapada diamantina, trek chapada diamantina agence francophone chapada diamantina","og_url":"https:\/\/www.bahiametisse.com\/it\/tours-e-servizi\/parco-nazionale-della-chapada-diamantina\/","og_site_name":"Bahia M\u00e9tisse","article_modified_time":"2022-03-14T09:16:48+00:00","og_image":[{"width":1240,"height":826,"url":"https:\/\/www.bahiametisse.com\/wp-content\/uploads\/2021\/10\/Chapada-diamantina-tourisme-responsable.jpg","type":"image\/jpeg"}],"twitter_card":"summary_large_image","twitter_misc":{"Tempo di lettura stimato":"4 minuti"},"schema":{"@context":"https:\/\/schema.org","@graph":[{"@type":"WebPage","@id":"https:\/\/www.bahiametisse.com\/it\/tours-e-servizi\/parco-nazionale-della-chapada-diamantina\/","url":"https:\/\/www.bahiametisse.com\/it\/tours-e-servizi\/parco-nazionale-della-chapada-diamantina\/","name":"Parco Nazionale della Chapada Diamantina - Bahia M\u00e9tisse","isPartOf":{"@id":"https:\/\/www.bahiametisse.com\/it\/#website"},"primaryImageOfPage":{"@id":"https:\/\/www.bahiametisse.com\/it\/tours-e-servizi\/parco-nazionale-della-chapada-diamantina\/#primaryimage"},"image":{"@id":"https:\/\/www.bahiametisse.com\/it\/tours-e-servizi\/parco-nazionale-della-chapada-diamantina\/#primaryimage"},"thumbnailUrl":"https:\/\/www.bahiametisse.com\/wp-content\/uploads\/2021\/10\/Chapada-diamantina-tourisme-responsable.jpg","datePublished":"2021-10-06T19:21:04+00:00","dateModified":"2022-03-14T09:16:48+00:00","description":"Guide francophone Chapada Diamantina, randonn\u00e9e francophone chapada diamantina, trek chapada diamantina agence francophone chapada diamantina","breadcrumb":{"@id":"https:\/\/www.bahiametisse.com\/it\/tours-e-servizi\/parco-nazionale-della-chapada-diamantina\/#breadcrumb"},"inLanguage":"it-IT","potentialAction":[{"@type":"ReadAction","target":["https:\/\/www.bahiametisse.com\/it\/tours-e-servizi\/parco-nazionale-della-chapada-diamantina\/"]}]},{"@type":"ImageObject","inLanguage":"it-IT","@id":"https:\/\/www.bahiametisse.com\/it\/tours-e-servizi\/parco-nazionale-della-chapada-diamantina\/#primaryimage","url":"https:\/\/www.bahiametisse.com\/wp-content\/uploads\/2021\/10\/Chapada-diamantina-tourisme-responsable.jpg","contentUrl":"https:\/\/www.bahiametisse.com\/wp-content\/uploads\/2021\/10\/Chapada-diamantina-tourisme-responsable.jpg","width":1240,"height":826,"caption":"Chapada diamantina tourisme responsable"},{"@type":"BreadcrumbList","@id":"https:\/\/www.bahiametisse.com\/it\/tours-e-servizi\/parco-nazionale-della-chapada-diamantina\/#breadcrumb","itemListElement":[{"@type":"ListItem","position":1,"name":"Accueil","item":"https:\/\/www.bahiametisse.com\/it\/"},{"@type":"ListItem","position":2,"name":"Tours e Servizi","item":"https:\/\/www.bahiametisse.com\/it\/tours-e-servizi\/"},{"@type":"ListItem","position":3,"name":"Parco Nazionale della Chapada Diamantina"}]},{"@type":"WebSite","@id":"https:\/\/www.bahiametisse.com\/it\/#website","url":"https:\/\/www.bahiametisse.com\/it\/","name":"Bahia M\u00e9tisse","description":"Agence \u00e9cotourisme","potentialAction":[{"@type":"SearchAction","target":{"@type":"EntryPoint","urlTemplate":"https:\/\/www.bahiametisse.com\/it\/?s={search_term_string}"},"query-input":{"@type":"PropertyValueSpecification","valueRequired":true,"valueName":"search_term_string"}}],"inLanguage":"it-IT"}]}},"_links":{"self":[{"href":"https:\/\/www.bahiametisse.com\/it\/wp-json\/wp\/v2\/pages\/1531","targetHints":{"allow":["GET"]}}],"collection":[{"href":"https:\/\/www.bahiametisse.com\/it\/wp-json\/wp\/v2\/pages"}],"about":[{"href":"https:\/\/www.bahiametisse.com\/it\/wp-json\/wp\/v2\/types\/page"}],"author":[{"embeddable":true,"href":"https:\/\/www.bahiametisse.com\/it\/wp-json\/wp\/v2\/users\/1"}],"replies":[{"embeddable":true,"href":"https:\/\/www.bahiametisse.com\/it\/wp-json\/wp\/v2\/comments?post=1531"}],"version-history":[{"count":7,"href":"https:\/\/www.bahiametisse.com\/it\/wp-json\/wp\/v2\/pages\/1531\/revisions"}],"predecessor-version":[{"id":1628,"href":"https:\/\/www.bahiametisse.com\/it\/wp-json\/wp\/v2\/pages\/1531\/revisions\/1628"}],"up":[{"embeddable":true,"href":"https:\/\/www.bahiametisse.com\/it\/wp-json\/wp\/v2\/pages\/1395"}],"wp:featuredmedia":[{"embeddable":true,"href":"https:\/\/www.bahiametisse.com\/it\/wp-json\/wp\/v2\/media\/249"}],"wp:attachment":[{"href":"https:\/\/www.bahiametisse.com\/it\/wp-json\/wp\/v2\/media?parent=1531"}],"curies":[{"name":"wp","href":"https:\/\/api.w.org\/{rel}","templated":true}]}}